{"id":57295,"date":"2026-03-02T15:16:02","date_gmt":"2026-03-02T13:16:02","guid":{"rendered":"https:\/\/dermepil.ro\/universitate\/?post_type=product&#038;p=57295"},"modified":"2026-03-02T15:37:05","modified_gmt":"2026-03-02T13:37:05","slug":"tratament-acnee-spate-barbati-femei","status":"publish","type":"product","link":"https:\/\/dermepil.ro\/universitate\/p\/tratament-acnee-spate-barbati-femei\/","title":{"rendered":"Tratament acnee spate barbati\/femei"},"content":{"rendered":"<p data-start=\"30\" data-end=\"213\">Tratamentul este dedicat pielii din zona spatelui, predispus\u0103 la exces de sebum, pori dilata\u021bi \u0219i apari\u021bia leziunilor acneice cauzate de transpira\u021bie, frecare sau factori hormonali.<\/p>\n<p data-start=\"215\" data-end=\"463\">Include cur\u0103\u021bare \u00een profunzime, exfoliere pentru \u00eendep\u0103rtarea celulelor moarte, extrac\u021bii controlate (acolo unde este necesar) \u0219i aplicarea de produse purifiante \u0219i calmante pentru reducerea inflama\u021biei \u0219i prevenirea reapari\u021biei imperfec\u021biunilor.<\/p>\n<p data-start=\"465\" data-end=\"582\" data-is-last-node=\"\" data-is-only-node=\"\">Pielea devine mai curat\u0103, mai neted\u0103 \u0219i mai echilibrat\u0103, cu un aspect vizibil \u00eembun\u0103t\u0103\u021bit \u00eenc\u0103 de la primele \u0219edin\u021be.<\/p>\n","protected":false},"excerpt":{"rendered":"<p><strong>Programare online non-stop \u00een formularul de mai jos sau la num\u0103rul de telefon 0766 889 232 de luni p\u00e2n\u0103 vineri, \u00een intervalul 9:00-20:00 \u0219i s\u00e2mb\u0103ta \u00een intervalul 8:00-18:30.<\/strong><\/p>\n<div class=\"flex flex-col text-sm pb-25\">\n<article class=\"text-token-text-primary w-full focus:outline-none [--shadow-height:45px] has-data-writing-block:pointer-events-none has-data-writing-block:-mt-(--shadow-height) has-data-writing-block:pt-(--shadow-height) [&amp;:has([data-writing-block])&gt;*]:pointer-events-auto scroll-mt-[calc(var(--header-height)+min(200px,max(70px,20svh)))]\" dir=\"auto\" tabindex=\"-1\" data-turn-id=\"request-68595ff0-779c-8005-a89f-beeb7ad24cb4-2\" data-testid=\"conversation-turn-368\" data-scroll-anchor=\"true\" data-turn=\"assistant\">\n<div class=\"text-base my-auto mx-auto pb-10 [--thread-content-margin:--spacing(4)] @w-sm\/main:[--thread-content-margin:--spacing(6)] @w-lg\/main:[--thread-content-margin:--spacing(16)] px-(--thread-content-margin)\">\n<div class=\"[--thread-content-max-width:40rem] @w-lg\/main:[--thread-content-max-width:48rem] mx-auto max-w-(--thread-content-max-width) flex-1 group\/turn-messages focus-visible:outline-hidden relative flex w-full min-w-0 flex-col agent-turn\" tabindex=\"-1\">\n<div class=\"flex max-w-full flex-col grow\">\n<div class=\"min-h-8 text-message relative flex w-full flex-col items-end gap-2 text-start break-words whitespace-normal [.text-message+&amp;]:mt-1\" dir=\"auto\" data-message-author-role=\"assistant\" data-message-id=\"dbe95d9a-250a-4d7f-9d52-083786ccb85b\" data-message-model-slug=\"gpt-5-2\">\n<div class=\"flex w-full flex-col gap-1 empty:hidden first:pt-[1px]\">\n<div class=\"markdown prose dark:prose-invert w-full wrap-break-word light markdown-new-styling\">\n<p data-start=\"30\" data-end=\"141\">Tratamentul este dedicat pielii din zona spatelui, predispus\u0103 la exces de sebum, pori dilata\u021bi \u0219i inflama\u021bii.<\/p>\n<p data-start=\"143\" data-end=\"297\">Contribuie la cur\u0103\u021barea \u00een profunzime, reglarea secre\u021biei de sebum \u0219i reducerea imperfec\u021biunilor cauzate de transpira\u021bie, frecare sau factori hormonali.<\/p>\n<p data-start=\"299\" data-end=\"451\">Include exfoliere adaptat\u0103, extrac\u021bii controlate (unde este necesar), produse purifiante \u0219i masc\u0103 calmant\u0103 pentru echilibrarea \u0219i detoxifierea pielii.<\/p>\n<p data-start=\"453\" data-end=\"590\" data-is-last-node=\"\" data-is-only-node=\"\">\ud83d\udd52 <strong data-start=\"456\" data-end=\"467\">Durata:<\/strong> aproximativ 90 minute<br data-start=\"489\" data-end=\"492\" \/>\ud83c\udfaf <strong data-start=\"495\" data-end=\"512\">Ideal pentru:<\/strong> piele acneic\u0103, congestionat\u0103 sau predispus\u0103 la imperfec\u021biuni \u00een zona spatelui<\/p>\n<\/div>\n<\/div>\n<\/div>\n<\/div>\n<div class=\"z-0 flex min-h-[46px] justify-start\"><\/div>\n<div class=\"mt-3 w-full empty:hidden\">\n<div class=\"text-center\"><\/div>\n<\/div>\n<\/div>\n<\/div>\n<\/article>\n<\/div>\n<div class=\"pointer-events-none h-px w-px absolute bottom-0\" aria-hidden=\"true\" data-edge=\"true\"><\/div>\n","protected":false},"featured_media":57297,"template":"","meta":[],"product_brand":[],"product_cat":[110],"product_tag":[174],"class_list":["post-57295","product","type-product","status-publish","has-post-thumbnail","product_cat-tratamente-faciale","product_tag-tratamente-faciale","first","instock","shipping-taxable","purchasable","product-type-simple"],"yoast_head":"<!-- This site is optimized with the Yoast SEO plugin v27.5 - https:\/\/yoast.com\/product\/yoast-seo-wordpress\/ -->\n<title>Tratament acnee spate barbati\/femei - DermEpil Universitate Sector 2 Bucuresti<\/title>\n<meta name=\"robots\" content=\"index, follow, max-snippet:-1, max-image-preview:large, max-video-preview:-1\" \/>\n<link rel=\"canonical\" href=\"https:\/\/dermepil.ro\/universitate\/p\/tratament-acnee-spate-barbati-femei\/\" \/>\n<meta property=\"og:locale\" content=\"ro_RO\" \/>\n<meta property=\"og:type\" content=\"article\" \/>\n<meta property=\"og:title\" content=\"Tratament acnee spate barbati\/femei - DermEpil Universitate Sector 2 Bucuresti\" \/>\n<meta property=\"og:description\" content=\"Programare online non-stop \u00een formularul de mai jos sau la num\u0103rul de telefon 0766 889 232 de luni p\u00e2n\u0103 vineri, \u00een intervalul 9:00-20:00 \u0219i s\u00e2mb\u0103ta \u00een intervalul 8:00-18:30.        Tratamentul este dedicat pielii din zona spatelui, predispus\u0103 la exces de sebum, pori dilata\u021bi \u0219i inflama\u021bii. Contribuie la cur\u0103\u021barea \u00een profunzime, reglarea secre\u021biei de sebum \u0219i reducerea imperfec\u021biunilor cauzate de transpira\u021bie, frecare sau factori hormonali. Include exfoliere adaptat\u0103, extrac\u021bii controlate (unde este necesar), produse purifiante \u0219i masc\u0103 calmant\u0103 pentru echilibrarea \u0219i detoxifierea pielii. \ud83d\udd52 Durata: aproximativ 90 minute\ud83c\udfaf Ideal pentru: piele acneic\u0103, congestionat\u0103 sau predispus\u0103 la imperfec\u021biuni \u00een zona spatelui\" \/>\n<meta property=\"og:url\" content=\"https:\/\/dermepil.ro\/universitate\/p\/tratament-acnee-spate-barbati-femei\/\" \/>\n<meta property=\"og:site_name\" content=\"DermEpil Universitate Sector 2 Bucuresti\" \/>\n<meta property=\"article:modified_time\" content=\"2026-03-02T13:37:05+00:00\" \/>\n<meta property=\"og:image\" content=\"https:\/\/dermepil.ro\/universitate\/wp-content\/uploads\/2026\/03\/WhatsApp-Image-2026-03-02-at-15.33.22-5.jpeg\" \/>\n\t<meta property=\"og:image:width\" content=\"2048\" \/>\n\t<meta property=\"og:image:height\" content=\"2048\" \/>\n\t<meta property=\"og:image:type\" content=\"image\/jpeg\" \/>\n<meta name=\"twitter:card\" content=\"summary_large_image\" \/>\n<meta name=\"twitter:label1\" content=\"Timp estimat pentru citire\" \/>\n\t<meta name=\"twitter:data1\" content=\"1 minut\" \/>\n<script type=\"application\/ld+json\" class=\"yoast-schema-graph\">{\"@context\":\"https:\\\/\\\/schema.org\",\"@graph\":[{\"@type\":\"WebPage\",\"@id\":\"https:\\\/\\\/dermepil.ro\\\/universitate\\\/p\\\/tratament-acnee-spate-barbati-femei\\\/\",\"url\":\"https:\\\/\\\/dermepil.ro\\\/universitate\\\/p\\\/tratament-acnee-spate-barbati-femei\\\/\",\"name\":\"Tratament acnee spate barbati\\\/femei - DermEpil Universitate Sector 2 Bucuresti\",\"isPartOf\":{\"@id\":\"https:\\\/\\\/dermepil.ro\\\/universitate\\\/#website\"},\"primaryImageOfPage\":{\"@id\":\"https:\\\/\\\/dermepil.ro\\\/universitate\\\/p\\\/tratament-acnee-spate-barbati-femei\\\/#primaryimage\"},\"image\":{\"@id\":\"https:\\\/\\\/dermepil.ro\\\/universitate\\\/p\\\/tratament-acnee-spate-barbati-femei\\\/#primaryimage\"},\"thumbnailUrl\":\"https:\\\/\\\/dermepil.ro\\\/universitate\\\/wp-content\\\/uploads\\\/2026\\\/03\\\/WhatsApp-Image-2026-03-02-at-15.33.22-5.jpeg\",\"datePublished\":\"2026-03-02T13:16:02+00:00\",\"dateModified\":\"2026-03-02T13:37:05+00:00\",\"breadcrumb\":{\"@id\":\"https:\\\/\\\/dermepil.ro\\\/universitate\\\/p\\\/tratament-acnee-spate-barbati-femei\\\/#breadcrumb\"},\"inLanguage\":\"ro-RO\",\"potentialAction\":[{\"@type\":\"ReadAction\",\"target\":[\"https:\\\/\\\/dermepil.ro\\\/universitate\\\/p\\\/tratament-acnee-spate-barbati-femei\\\/\"]}]},{\"@type\":\"ImageObject\",\"inLanguage\":\"ro-RO\",\"@id\":\"https:\\\/\\\/dermepil.ro\\\/universitate\\\/p\\\/tratament-acnee-spate-barbati-femei\\\/#primaryimage\",\"url\":\"https:\\\/\\\/dermepil.ro\\\/universitate\\\/wp-content\\\/uploads\\\/2026\\\/03\\\/WhatsApp-Image-2026-03-02-at-15.33.22-5.jpeg\",\"contentUrl\":\"https:\\\/\\\/dermepil.ro\\\/universitate\\\/wp-content\\\/uploads\\\/2026\\\/03\\\/WhatsApp-Image-2026-03-02-at-15.33.22-5.jpeg\",\"width\":2048,\"height\":2048},{\"@type\":\"BreadcrumbList\",\"@id\":\"https:\\\/\\\/dermepil.ro\\\/universitate\\\/p\\\/tratament-acnee-spate-barbati-femei\\\/#breadcrumb\",\"itemListElement\":[{\"@type\":\"ListItem\",\"position\":1,\"name\":\"DermEpil Herastrau - Epilare Definitiva\",\"item\":\"https:\\\/\\\/dermepil.ro\\\/universitate\\\/\"},{\"@type\":\"ListItem\",\"position\":2,\"name\":\"Magazin\",\"item\":\"https:\\\/\\\/dermepil.ro\\\/universitate\\\/magazin\\\/\"},{\"@type\":\"ListItem\",\"position\":3,\"name\":\"Tratamente faciale\",\"item\":\"https:\\\/\\\/dermepil.ro\\\/universitate\\\/tag\\\/tratamente-faciale\\\/\"},{\"@type\":\"ListItem\",\"position\":4,\"name\":\"Tratament acnee spate barbati\\\/femei\"}]},{\"@type\":\"WebSite\",\"@id\":\"https:\\\/\\\/dermepil.ro\\\/universitate\\\/#website\",\"url\":\"https:\\\/\\\/dermepil.ro\\\/universitate\\\/\",\"name\":\"DermEpil Universitate Sector 2 Bucuresti\",\"description\":\"Servcii de epilare definitiva laser\",\"publisher\":{\"@id\":\"https:\\\/\\\/dermepil.ro\\\/universitate\\\/#organization\"},\"potentialAction\":[{\"@type\":\"SearchAction\",\"target\":{\"@type\":\"EntryPoint\",\"urlTemplate\":\"https:\\\/\\\/dermepil.ro\\\/universitate\\\/?s={search_term_string}\"},\"query-input\":{\"@type\":\"PropertyValueSpecification\",\"valueRequired\":true,\"valueName\":\"search_term_string\"}}],\"inLanguage\":\"ro-RO\"},{\"@type\":\"Organization\",\"@id\":\"https:\\\/\\\/dermepil.ro\\\/universitate\\\/#organization\",\"name\":\"DermEpil Herastrau - Epilare Definitiva in Bucuresti Sector 1\",\"url\":\"https:\\\/\\\/dermepil.ro\\\/universitate\\\/\",\"logo\":{\"@type\":\"ImageObject\",\"inLanguage\":\"ro-RO\",\"@id\":\"https:\\\/\\\/dermepil.ro\\\/universitate\\\/#\\\/schema\\\/logo\\\/image\\\/\",\"url\":\"https:\\\/\\\/dermepil.ro\\\/universitate\\\/wp-content\\\/uploads\\\/2022\\\/08\\\/Herastrau-1536x863-1.png\",\"contentUrl\":\"https:\\\/\\\/dermepil.ro\\\/universitate\\\/wp-content\\\/uploads\\\/2022\\\/08\\\/Herastrau-1536x863-1.png\",\"width\":1536,\"height\":863,\"caption\":\"DermEpil Herastrau - Epilare Definitiva in Bucuresti Sector 1\"},\"image\":{\"@id\":\"https:\\\/\\\/dermepil.ro\\\/universitate\\\/#\\\/schema\\\/logo\\\/image\\\/\"}}]}<\/script>\n<!-- \/ Yoast SEO plugin. -->","yoast_head_json":{"title":"Tratament acnee spate barbati\/femei - DermEpil Universitate Sector 2 Bucuresti","robots":{"index":"index","follow":"follow","max-snippet":"max-snippet:-1","max-image-preview":"max-image-preview:large","max-video-preview":"max-video-preview:-1"},"canonical":"https:\/\/dermepil.ro\/universitate\/p\/tratament-acnee-spate-barbati-femei\/","og_locale":"ro_RO","og_type":"article","og_title":"Tratament acnee spate barbati\/femei - DermEpil Universitate Sector 2 Bucuresti","og_description":"Programare online non-stop \u00een formularul de mai jos sau la num\u0103rul de telefon 0766 889 232 de luni p\u00e2n\u0103 vineri, \u00een intervalul 9:00-20:00 \u0219i s\u00e2mb\u0103ta \u00een intervalul 8:00-18:30.        Tratamentul este dedicat pielii din zona spatelui, predispus\u0103 la exces de sebum, pori dilata\u021bi \u0219i inflama\u021bii. Contribuie la cur\u0103\u021barea \u00een profunzime, reglarea secre\u021biei de sebum \u0219i reducerea imperfec\u021biunilor cauzate de transpira\u021bie, frecare sau factori hormonali. Include exfoliere adaptat\u0103, extrac\u021bii controlate (unde este necesar), produse purifiante \u0219i masc\u0103 calmant\u0103 pentru echilibrarea \u0219i detoxifierea pielii. \ud83d\udd52 Durata: aproximativ 90 minute\ud83c\udfaf Ideal pentru: piele acneic\u0103, congestionat\u0103 sau predispus\u0103 la imperfec\u021biuni \u00een zona spatelui","og_url":"https:\/\/dermepil.ro\/universitate\/p\/tratament-acnee-spate-barbati-femei\/","og_site_name":"DermEpil Universitate Sector 2 Bucuresti","article_modified_time":"2026-03-02T13:37:05+00:00","og_image":[{"width":2048,"height":2048,"url":"https:\/\/dermepil.ro\/universitate\/wp-content\/uploads\/2026\/03\/WhatsApp-Image-2026-03-02-at-15.33.22-5.jpeg","type":"image\/jpeg"}],"twitter_card":"summary_large_image","twitter_misc":{"Timp estimat pentru citire":"1 minut"},"schema":{"@context":"https:\/\/schema.org","@graph":[{"@type":"WebPage","@id":"https:\/\/dermepil.ro\/universitate\/p\/tratament-acnee-spate-barbati-femei\/","url":"https:\/\/dermepil.ro\/universitate\/p\/tratament-acnee-spate-barbati-femei\/","name":"Tratament acnee spate barbati\/femei - DermEpil Universitate Sector 2 Bucuresti","isPartOf":{"@id":"https:\/\/dermepil.ro\/universitate\/#website"},"primaryImageOfPage":{"@id":"https:\/\/dermepil.ro\/universitate\/p\/tratament-acnee-spate-barbati-femei\/#primaryimage"},"image":{"@id":"https:\/\/dermepil.ro\/universitate\/p\/tratament-acnee-spate-barbati-femei\/#primaryimage"},"thumbnailUrl":"https:\/\/dermepil.ro\/universitate\/wp-content\/uploads\/2026\/03\/WhatsApp-Image-2026-03-02-at-15.33.22-5.jpeg","datePublished":"2026-03-02T13:16:02+00:00","dateModified":"2026-03-02T13:37:05+00:00","breadcrumb":{"@id":"https:\/\/dermepil.ro\/universitate\/p\/tratament-acnee-spate-barbati-femei\/#breadcrumb"},"inLanguage":"ro-RO","potentialAction":[{"@type":"ReadAction","target":["https:\/\/dermepil.ro\/universitate\/p\/tratament-acnee-spate-barbati-femei\/"]}]},{"@type":"ImageObject","inLanguage":"ro-RO","@id":"https:\/\/dermepil.ro\/universitate\/p\/tratament-acnee-spate-barbati-femei\/#primaryimage","url":"https:\/\/dermepil.ro\/universitate\/wp-content\/uploads\/2026\/03\/WhatsApp-Image-2026-03-02-at-15.33.22-5.jpeg","contentUrl":"https:\/\/dermepil.ro\/universitate\/wp-content\/uploads\/2026\/03\/WhatsApp-Image-2026-03-02-at-15.33.22-5.jpeg","width":2048,"height":2048},{"@type":"BreadcrumbList","@id":"https:\/\/dermepil.ro\/universitate\/p\/tratament-acnee-spate-barbati-femei\/#breadcrumb","itemListElement":[{"@type":"ListItem","position":1,"name":"DermEpil Herastrau - Epilare Definitiva","item":"https:\/\/dermepil.ro\/universitate\/"},{"@type":"ListItem","position":2,"name":"Magazin","item":"https:\/\/dermepil.ro\/universitate\/magazin\/"},{"@type":"ListItem","position":3,"name":"Tratamente faciale","item":"https:\/\/dermepil.ro\/universitate\/tag\/tratamente-faciale\/"},{"@type":"ListItem","position":4,"name":"Tratament acnee spate barbati\/femei"}]},{"@type":"WebSite","@id":"https:\/\/dermepil.ro\/universitate\/#website","url":"https:\/\/dermepil.ro\/universitate\/","name":"DermEpil Universitate Sector 2 Bucuresti","description":"Servcii de epilare definitiva laser","publisher":{"@id":"https:\/\/dermepil.ro\/universitate\/#organization"},"potentialAction":[{"@type":"SearchAction","target":{"@type":"EntryPoint","urlTemplate":"https:\/\/dermepil.ro\/universitate\/?s={search_term_string}"},"query-input":{"@type":"PropertyValueSpecification","valueRequired":true,"valueName":"search_term_string"}}],"inLanguage":"ro-RO"},{"@type":"Organization","@id":"https:\/\/dermepil.ro\/universitate\/#organization","name":"DermEpil Herastrau - Epilare Definitiva in Bucuresti Sector 1","url":"https:\/\/dermepil.ro\/universitate\/","logo":{"@type":"ImageObject","inLanguage":"ro-RO","@id":"https:\/\/dermepil.ro\/universitate\/#\/schema\/logo\/image\/","url":"https:\/\/dermepil.ro\/universitate\/wp-content\/uploads\/2022\/08\/Herastrau-1536x863-1.png","contentUrl":"https:\/\/dermepil.ro\/universitate\/wp-content\/uploads\/2022\/08\/Herastrau-1536x863-1.png","width":1536,"height":863,"caption":"DermEpil Herastrau - Epilare Definitiva in Bucuresti Sector 1"},"image":{"@id":"https:\/\/dermepil.ro\/universitate\/#\/schema\/logo\/image\/"}}]}},"_links":{"self":[{"href":"https:\/\/dermepil.ro\/universitate\/wp-json\/wp\/v2\/product\/57295","targetHints":{"allow":["GET"]}}],"collection":[{"href":"https:\/\/dermepil.ro\/universitate\/wp-json\/wp\/v2\/product"}],"about":[{"href":"https:\/\/dermepil.ro\/universitate\/wp-json\/wp\/v2\/types\/product"}],"wp:featuredmedia":[{"embeddable":true,"href":"https:\/\/dermepil.ro\/universitate\/wp-json\/wp\/v2\/media\/57297"}],"wp:attachment":[{"href":"https:\/\/dermepil.ro\/universitate\/wp-json\/wp\/v2\/media?parent=57295"}],"wp:term":[{"taxonomy":"product_brand","embeddable":true,"href":"https:\/\/dermepil.ro\/universitate\/wp-json\/wp\/v2\/product_brand?post=57295"},{"taxonomy":"product_cat","embeddable":true,"href":"https:\/\/dermepil.ro\/universitate\/wp-json\/wp\/v2\/product_cat?post=57295"},{"taxonomy":"product_tag","embeddable":true,"href":"https:\/\/dermepil.ro\/universitate\/wp-json\/wp\/v2\/product_tag?post=57295"}],"curies":[{"name":"wp","href":"https:\/\/api.w.org\/{rel}","templated":true}]}}