{"id":57293,"date":"2026-03-02T15:13:28","date_gmt":"2026-03-02T13:13:28","guid":{"rendered":"https:\/\/dermepil.ro\/universitate\/?post_type=product&#038;p=57293"},"modified":"2026-03-20T11:28:19","modified_gmt":"2026-03-20T09:28:19","slug":"tratament-antiacnee-adolescenti","status":"publish","type":"product","link":"https:\/\/dermepil.ro\/universitate\/p\/tratament-antiacnee-adolescenti\/","title":{"rendered":"Tratament antiacnee adolescenti"},"content":{"rendered":"<p data-start=\"1435\" data-end=\"1534\">Tratamentul este conceput pentru tenul t\u00e2n\u0103r afectat de dezechilibre hormonale \u0219i exces de sebum.<\/p>\n<p data-start=\"1536\" data-end=\"1662\">Ajut\u0103 la cur\u0103\u021barea porilor, reducerea punctelor negre \u0219i calmarea inflama\u021biei, printr-o abordare bl\u00e2nd\u0103 \u0219i adaptat\u0103 v\u00e2rstei.<\/p>\n<p data-start=\"1664\" data-end=\"1733\">Sus\u021bine prevenirea leziunilor acneice \u0219i men\u021binerea unui ten s\u0103n\u0103tos.<\/p>\n","protected":false},"excerpt":{"rendered":"<p>[dermalogica_short_code]<br \/>\n<strong>Programare online non-stop \u00een formularul de mai jos sau la num\u0103rul de telefon 0766 889 232 de luni p\u00e2n\u0103 vineri, \u00een intervalul 9:00-20:00 \u0219i s\u00e2mb\u0103ta \u00een intervalul 8:00-18:30.<\/strong><\/p>\n<p data-start=\"47\" data-end=\"267\">Tratamentul este dedicat tenului t\u00e2n\u0103r afectat de exces de sebum, pori \u00eenfunda\u021bi \u0219i imperfec\u021biuni specifice dezechilibrelor hormonale. Ajut\u0103 la cur\u0103\u021barea profund\u0103 a pielii \u0219i la prevenirea apari\u021biei leziunilor acneice.<\/p>\n<p data-start=\"269\" data-end=\"444\">Se folosesc produse profesionale adaptate tenului adolescentin, cu ac\u021biune purifiant\u0103, antibacterian\u0103 \u0219i calmant\u0103, pentru a echilibra secre\u021bia de sebum f\u0103r\u0103 a agresa pielea.<\/p>\n<p data-start=\"446\" data-end=\"615\">Include cur\u0103\u021bare \u00een profunzime, exfoliere bl\u00e2nd\u0103, extrac\u021bii controlate (unde este necesar) \u0219i aplicarea unei m\u0103\u0219ti purifiante \u0219i calmante pentru reducerea inflama\u021biei.<\/p>\n<p data-start=\"617\" data-end=\"715\" data-is-last-node=\"\" data-is-only-node=\"\">\ud83d\udd52 <strong data-start=\"620\" data-end=\"631\">Durata:<\/strong> 60 minute<br data-start=\"641\" data-end=\"644\" \/>\ud83c\udfaf <strong data-start=\"647\" data-end=\"664\">Ideal pentru:<\/strong> ten adolescentin gras, mixt sau predispus la acnee<\/p>\n","protected":false},"featured_media":57298,"template":"","meta":[],"product_brand":[],"product_cat":[110],"product_tag":[174],"class_list":["post-57293","product","type-product","status-publish","has-post-thumbnail","product_cat-tratamente-faciale","product_tag-tratamente-faciale","first","instock","shipping-taxable","purchasable","product-type-simple"],"yoast_head":"<!-- This site is optimized with the Yoast SEO plugin v27.5 - https:\/\/yoast.com\/product\/yoast-seo-wordpress\/ -->\n<title>Tratament antiacnee adolescenti - DermEpil Universitate Sector 2 Bucuresti<\/title>\n<meta name=\"robots\" content=\"index, follow, max-snippet:-1, max-image-preview:large, max-video-preview:-1\" \/>\n<link rel=\"canonical\" href=\"https:\/\/dermepil.ro\/universitate\/p\/tratament-antiacnee-adolescenti\/\" \/>\n<meta property=\"og:locale\" content=\"ro_RO\" \/>\n<meta property=\"og:type\" content=\"article\" \/>\n<meta property=\"og:title\" content=\"Tratament antiacnee adolescenti - DermEpil Universitate Sector 2 Bucuresti\" \/>\n<meta property=\"og:description\" content=\"Programare online non-stop \u00een formularul de mai jos sau la num\u0103rul de telefon 0766 889 232 de luni p\u00e2n\u0103 vineri, \u00een intervalul 9:00-20:00 \u0219i s\u00e2mb\u0103ta \u00een intervalul 8:00-18:30. Tratamentul este dedicat tenului t\u00e2n\u0103r afectat de exces de sebum, pori \u00eenfunda\u021bi \u0219i imperfec\u021biuni specifice dezechilibrelor hormonale. Ajut\u0103 la cur\u0103\u021barea profund\u0103 a pielii \u0219i la prevenirea apari\u021biei leziunilor acneice. Se folosesc produse profesionale adaptate tenului adolescentin, cu ac\u021biune purifiant\u0103, antibacterian\u0103 \u0219i calmant\u0103, pentru a echilibra secre\u021bia de sebum f\u0103r\u0103 a agresa pielea. Include cur\u0103\u021bare \u00een profunzime, exfoliere bl\u00e2nd\u0103, extrac\u021bii controlate (unde este necesar) \u0219i aplicarea unei m\u0103\u0219ti purifiante \u0219i calmante pentru reducerea inflama\u021biei. \ud83d\udd52 Durata: 60 minute\ud83c\udfaf Ideal pentru: ten adolescentin gras, mixt sau predispus la acnee\" \/>\n<meta property=\"og:url\" content=\"https:\/\/dermepil.ro\/universitate\/p\/tratament-antiacnee-adolescenti\/\" \/>\n<meta property=\"og:site_name\" content=\"DermEpil Universitate Sector 2 Bucuresti\" \/>\n<meta property=\"article:modified_time\" content=\"2026-03-20T09:28:19+00:00\" \/>\n<meta property=\"og:image\" content=\"https:\/\/dermepil.ro\/universitate\/wp-content\/uploads\/2026\/03\/WhatsApp-Image-2026-03-02-at-15.33.22-1.jpeg\" \/>\n\t<meta property=\"og:image:width\" content=\"2048\" \/>\n\t<meta property=\"og:image:height\" content=\"2048\" \/>\n\t<meta property=\"og:image:type\" content=\"image\/jpeg\" \/>\n<meta name=\"twitter:card\" content=\"summary_large_image\" \/>\n<meta name=\"twitter:label1\" content=\"Timp estimat pentru citire\" \/>\n\t<meta name=\"twitter:data1\" content=\"1 minut\" \/>\n<script type=\"application\/ld+json\" class=\"yoast-schema-graph\">{\"@context\":\"https:\\\/\\\/schema.org\",\"@graph\":[{\"@type\":\"WebPage\",\"@id\":\"https:\\\/\\\/dermepil.ro\\\/universitate\\\/p\\\/tratament-antiacnee-adolescenti\\\/\",\"url\":\"https:\\\/\\\/dermepil.ro\\\/universitate\\\/p\\\/tratament-antiacnee-adolescenti\\\/\",\"name\":\"Tratament antiacnee adolescenti - DermEpil Universitate Sector 2 Bucuresti\",\"isPartOf\":{\"@id\":\"https:\\\/\\\/dermepil.ro\\\/universitate\\\/#website\"},\"primaryImageOfPage\":{\"@id\":\"https:\\\/\\\/dermepil.ro\\\/universitate\\\/p\\\/tratament-antiacnee-adolescenti\\\/#primaryimage\"},\"image\":{\"@id\":\"https:\\\/\\\/dermepil.ro\\\/universitate\\\/p\\\/tratament-antiacnee-adolescenti\\\/#primaryimage\"},\"thumbnailUrl\":\"https:\\\/\\\/dermepil.ro\\\/universitate\\\/wp-content\\\/uploads\\\/2026\\\/03\\\/WhatsApp-Image-2026-03-02-at-15.33.22-1.jpeg\",\"datePublished\":\"2026-03-02T13:13:28+00:00\",\"dateModified\":\"2026-03-20T09:28:19+00:00\",\"breadcrumb\":{\"@id\":\"https:\\\/\\\/dermepil.ro\\\/universitate\\\/p\\\/tratament-antiacnee-adolescenti\\\/#breadcrumb\"},\"inLanguage\":\"ro-RO\",\"potentialAction\":[{\"@type\":\"ReadAction\",\"target\":[\"https:\\\/\\\/dermepil.ro\\\/universitate\\\/p\\\/tratament-antiacnee-adolescenti\\\/\"]}]},{\"@type\":\"ImageObject\",\"inLanguage\":\"ro-RO\",\"@id\":\"https:\\\/\\\/dermepil.ro\\\/universitate\\\/p\\\/tratament-antiacnee-adolescenti\\\/#primaryimage\",\"url\":\"https:\\\/\\\/dermepil.ro\\\/universitate\\\/wp-content\\\/uploads\\\/2026\\\/03\\\/WhatsApp-Image-2026-03-02-at-15.33.22-1.jpeg\",\"contentUrl\":\"https:\\\/\\\/dermepil.ro\\\/universitate\\\/wp-content\\\/uploads\\\/2026\\\/03\\\/WhatsApp-Image-2026-03-02-at-15.33.22-1.jpeg\",\"width\":2048,\"height\":2048},{\"@type\":\"BreadcrumbList\",\"@id\":\"https:\\\/\\\/dermepil.ro\\\/universitate\\\/p\\\/tratament-antiacnee-adolescenti\\\/#breadcrumb\",\"itemListElement\":[{\"@type\":\"ListItem\",\"position\":1,\"name\":\"DermEpil Herastrau - Epilare Definitiva\",\"item\":\"https:\\\/\\\/dermepil.ro\\\/universitate\\\/\"},{\"@type\":\"ListItem\",\"position\":2,\"name\":\"Magazin\",\"item\":\"https:\\\/\\\/dermepil.ro\\\/universitate\\\/magazin\\\/\"},{\"@type\":\"ListItem\",\"position\":3,\"name\":\"Tratamente faciale\",\"item\":\"https:\\\/\\\/dermepil.ro\\\/universitate\\\/tag\\\/tratamente-faciale\\\/\"},{\"@type\":\"ListItem\",\"position\":4,\"name\":\"Tratament antiacnee adolescenti\"}]},{\"@type\":\"WebSite\",\"@id\":\"https:\\\/\\\/dermepil.ro\\\/universitate\\\/#website\",\"url\":\"https:\\\/\\\/dermepil.ro\\\/universitate\\\/\",\"name\":\"DermEpil Universitate Sector 2 Bucuresti\",\"description\":\"Servcii de epilare definitiva laser\",\"publisher\":{\"@id\":\"https:\\\/\\\/dermepil.ro\\\/universitate\\\/#organization\"},\"potentialAction\":[{\"@type\":\"SearchAction\",\"target\":{\"@type\":\"EntryPoint\",\"urlTemplate\":\"https:\\\/\\\/dermepil.ro\\\/universitate\\\/?s={search_term_string}\"},\"query-input\":{\"@type\":\"PropertyValueSpecification\",\"valueRequired\":true,\"valueName\":\"search_term_string\"}}],\"inLanguage\":\"ro-RO\"},{\"@type\":\"Organization\",\"@id\":\"https:\\\/\\\/dermepil.ro\\\/universitate\\\/#organization\",\"name\":\"DermEpil Herastrau - Epilare Definitiva in Bucuresti Sector 1\",\"url\":\"https:\\\/\\\/dermepil.ro\\\/universitate\\\/\",\"logo\":{\"@type\":\"ImageObject\",\"inLanguage\":\"ro-RO\",\"@id\":\"https:\\\/\\\/dermepil.ro\\\/universitate\\\/#\\\/schema\\\/logo\\\/image\\\/\",\"url\":\"https:\\\/\\\/dermepil.ro\\\/universitate\\\/wp-content\\\/uploads\\\/2022\\\/08\\\/Herastrau-1536x863-1.png\",\"contentUrl\":\"https:\\\/\\\/dermepil.ro\\\/universitate\\\/wp-content\\\/uploads\\\/2022\\\/08\\\/Herastrau-1536x863-1.png\",\"width\":1536,\"height\":863,\"caption\":\"DermEpil Herastrau - Epilare Definitiva in Bucuresti Sector 1\"},\"image\":{\"@id\":\"https:\\\/\\\/dermepil.ro\\\/universitate\\\/#\\\/schema\\\/logo\\\/image\\\/\"}}]}<\/script>\n<!-- \/ Yoast SEO plugin. -->","yoast_head_json":{"title":"Tratament antiacnee adolescenti - DermEpil Universitate Sector 2 Bucuresti","robots":{"index":"index","follow":"follow","max-snippet":"max-snippet:-1","max-image-preview":"max-image-preview:large","max-video-preview":"max-video-preview:-1"},"canonical":"https:\/\/dermepil.ro\/universitate\/p\/tratament-antiacnee-adolescenti\/","og_locale":"ro_RO","og_type":"article","og_title":"Tratament antiacnee adolescenti - DermEpil Universitate Sector 2 Bucuresti","og_description":"Programare online non-stop \u00een formularul de mai jos sau la num\u0103rul de telefon 0766 889 232 de luni p\u00e2n\u0103 vineri, \u00een intervalul 9:00-20:00 \u0219i s\u00e2mb\u0103ta \u00een intervalul 8:00-18:30. Tratamentul este dedicat tenului t\u00e2n\u0103r afectat de exces de sebum, pori \u00eenfunda\u021bi \u0219i imperfec\u021biuni specifice dezechilibrelor hormonale. Ajut\u0103 la cur\u0103\u021barea profund\u0103 a pielii \u0219i la prevenirea apari\u021biei leziunilor acneice. Se folosesc produse profesionale adaptate tenului adolescentin, cu ac\u021biune purifiant\u0103, antibacterian\u0103 \u0219i calmant\u0103, pentru a echilibra secre\u021bia de sebum f\u0103r\u0103 a agresa pielea. Include cur\u0103\u021bare \u00een profunzime, exfoliere bl\u00e2nd\u0103, extrac\u021bii controlate (unde este necesar) \u0219i aplicarea unei m\u0103\u0219ti purifiante \u0219i calmante pentru reducerea inflama\u021biei. \ud83d\udd52 Durata: 60 minute\ud83c\udfaf Ideal pentru: ten adolescentin gras, mixt sau predispus la acnee","og_url":"https:\/\/dermepil.ro\/universitate\/p\/tratament-antiacnee-adolescenti\/","og_site_name":"DermEpil Universitate Sector 2 Bucuresti","article_modified_time":"2026-03-20T09:28:19+00:00","og_image":[{"width":2048,"height":2048,"url":"https:\/\/dermepil.ro\/universitate\/wp-content\/uploads\/2026\/03\/WhatsApp-Image-2026-03-02-at-15.33.22-1.jpeg","type":"image\/jpeg"}],"twitter_card":"summary_large_image","twitter_misc":{"Timp estimat pentru citire":"1 minut"},"schema":{"@context":"https:\/\/schema.org","@graph":[{"@type":"WebPage","@id":"https:\/\/dermepil.ro\/universitate\/p\/tratament-antiacnee-adolescenti\/","url":"https:\/\/dermepil.ro\/universitate\/p\/tratament-antiacnee-adolescenti\/","name":"Tratament antiacnee adolescenti - DermEpil Universitate Sector 2 Bucuresti","isPartOf":{"@id":"https:\/\/dermepil.ro\/universitate\/#website"},"primaryImageOfPage":{"@id":"https:\/\/dermepil.ro\/universitate\/p\/tratament-antiacnee-adolescenti\/#primaryimage"},"image":{"@id":"https:\/\/dermepil.ro\/universitate\/p\/tratament-antiacnee-adolescenti\/#primaryimage"},"thumbnailUrl":"https:\/\/dermepil.ro\/universitate\/wp-content\/uploads\/2026\/03\/WhatsApp-Image-2026-03-02-at-15.33.22-1.jpeg","datePublished":"2026-03-02T13:13:28+00:00","dateModified":"2026-03-20T09:28:19+00:00","breadcrumb":{"@id":"https:\/\/dermepil.ro\/universitate\/p\/tratament-antiacnee-adolescenti\/#breadcrumb"},"inLanguage":"ro-RO","potentialAction":[{"@type":"ReadAction","target":["https:\/\/dermepil.ro\/universitate\/p\/tratament-antiacnee-adolescenti\/"]}]},{"@type":"ImageObject","inLanguage":"ro-RO","@id":"https:\/\/dermepil.ro\/universitate\/p\/tratament-antiacnee-adolescenti\/#primaryimage","url":"https:\/\/dermepil.ro\/universitate\/wp-content\/uploads\/2026\/03\/WhatsApp-Image-2026-03-02-at-15.33.22-1.jpeg","contentUrl":"https:\/\/dermepil.ro\/universitate\/wp-content\/uploads\/2026\/03\/WhatsApp-Image-2026-03-02-at-15.33.22-1.jpeg","width":2048,"height":2048},{"@type":"BreadcrumbList","@id":"https:\/\/dermepil.ro\/universitate\/p\/tratament-antiacnee-adolescenti\/#breadcrumb","itemListElement":[{"@type":"ListItem","position":1,"name":"DermEpil Herastrau - Epilare Definitiva","item":"https:\/\/dermepil.ro\/universitate\/"},{"@type":"ListItem","position":2,"name":"Magazin","item":"https:\/\/dermepil.ro\/universitate\/magazin\/"},{"@type":"ListItem","position":3,"name":"Tratamente faciale","item":"https:\/\/dermepil.ro\/universitate\/tag\/tratamente-faciale\/"},{"@type":"ListItem","position":4,"name":"Tratament antiacnee adolescenti"}]},{"@type":"WebSite","@id":"https:\/\/dermepil.ro\/universitate\/#website","url":"https:\/\/dermepil.ro\/universitate\/","name":"DermEpil Universitate Sector 2 Bucuresti","description":"Servcii de epilare definitiva laser","publisher":{"@id":"https:\/\/dermepil.ro\/universitate\/#organization"},"potentialAction":[{"@type":"SearchAction","target":{"@type":"EntryPoint","urlTemplate":"https:\/\/dermepil.ro\/universitate\/?s={search_term_string}"},"query-input":{"@type":"PropertyValueSpecification","valueRequired":true,"valueName":"search_term_string"}}],"inLanguage":"ro-RO"},{"@type":"Organization","@id":"https:\/\/dermepil.ro\/universitate\/#organization","name":"DermEpil Herastrau - Epilare Definitiva in Bucuresti Sector 1","url":"https:\/\/dermepil.ro\/universitate\/","logo":{"@type":"ImageObject","inLanguage":"ro-RO","@id":"https:\/\/dermepil.ro\/universitate\/#\/schema\/logo\/image\/","url":"https:\/\/dermepil.ro\/universitate\/wp-content\/uploads\/2022\/08\/Herastrau-1536x863-1.png","contentUrl":"https:\/\/dermepil.ro\/universitate\/wp-content\/uploads\/2022\/08\/Herastrau-1536x863-1.png","width":1536,"height":863,"caption":"DermEpil Herastrau - Epilare Definitiva in Bucuresti Sector 1"},"image":{"@id":"https:\/\/dermepil.ro\/universitate\/#\/schema\/logo\/image\/"}}]}},"_links":{"self":[{"href":"https:\/\/dermepil.ro\/universitate\/wp-json\/wp\/v2\/product\/57293","targetHints":{"allow":["GET"]}}],"collection":[{"href":"https:\/\/dermepil.ro\/universitate\/wp-json\/wp\/v2\/product"}],"about":[{"href":"https:\/\/dermepil.ro\/universitate\/wp-json\/wp\/v2\/types\/product"}],"wp:featuredmedia":[{"embeddable":true,"href":"https:\/\/dermepil.ro\/universitate\/wp-json\/wp\/v2\/media\/57298"}],"wp:attachment":[{"href":"https:\/\/dermepil.ro\/universitate\/wp-json\/wp\/v2\/media?parent=57293"}],"wp:term":[{"taxonomy":"product_brand","embeddable":true,"href":"https:\/\/dermepil.ro\/universitate\/wp-json\/wp\/v2\/product_brand?post=57293"},{"taxonomy":"product_cat","embeddable":true,"href":"https:\/\/dermepil.ro\/universitate\/wp-json\/wp\/v2\/product_cat?post=57293"},{"taxonomy":"product_tag","embeddable":true,"href":"https:\/\/dermepil.ro\/universitate\/wp-json\/wp\/v2\/product_tag?post=57293"}],"curies":[{"name":"wp","href":"https:\/\/api.w.org\/{rel}","templated":true}]}}