{"id":57291,"date":"2026-03-02T15:09:35","date_gmt":"2026-03-02T13:09:35","guid":{"rendered":"https:\/\/dermepil.ro\/universitate\/?post_type=product&#038;p=57291"},"modified":"2026-03-02T15:39:24","modified_gmt":"2026-03-02T13:39:24","slug":"tratament-facial-gravidute","status":"publish","type":"product","link":"https:\/\/dermepil.ro\/universitate\/p\/tratament-facial-gravidute\/","title":{"rendered":"Tratament facial Gravidute"},"content":{"rendered":"<p data-start=\"645\" data-end=\"810\">Tratamentul este special conceput pentru perioada sarcinii, utiliz\u00e2nd produse non-toxice \u0219i formule sigure, adaptate pielii sensibile \u0219i dezechilibrelor hormonale.<\/p>\n<p data-start=\"812\" data-end=\"950\">Cur\u0103\u021b\u0103 delicat, hidrateaz\u0103 intens \u0219i calmeaz\u0103 eventualele irita\u021bii, f\u0103r\u0103 utilizarea ingredientelor agresive sau a procedurilor invazive.<\/p>\n<p data-start=\"952\" data-end=\"1015\">Red\u0103 confortul \u0219i echilibrul pielii \u00eentr-un mod sigur \u0219i bl\u00e2nd.<\/p>\n","protected":false},"excerpt":{"rendered":"<p><strong>Programare online non-stop \u00een formularul de mai jos sau la num\u0103rul de telefon 0766 889 232 de luni p\u00e2n\u0103 vineri, \u00een intervalul 9:00-20:00 \u0219i s\u00e2mb\u0103ta \u00een intervalul 8:00-18:30.<\/strong><\/p>\n<p data-start=\"1834\" data-end=\"1973\">Tratamentul este dedicat \u00eengrijirii pielii \u00een perioada sarcinii, utiliz\u00e2nd produse non-toxice \u0219i formule sigure, adaptate pielii sensibile.<\/p>\n<p data-start=\"1975\" data-end=\"2074\">Cur\u0103\u021b\u0103 delicat, hidrateaz\u0103 \u0219i calmeaz\u0103, f\u0103r\u0103 a utiliza ingrediente agresive sau proceduri invazive.<\/p>\n<p data-start=\"2076\" data-end=\"2215\">Include cur\u0103\u021bare bl\u00e2nd\u0103, exfoliere delicat\u0103 (unde este necesar), masc\u0103 calmant\u0103 \u0219i hidratare intens\u0103 pentru men\u021binerea echilibrului pielii.<\/p>\n<p data-start=\"2217\" data-end=\"2316\">\ud83d\udd52 Durata: aproximativ 60 minute<br data-start=\"2249\" data-end=\"2252\" \/>\ud83c\udfaf Ideal pentru: ten sensibil sau reactiv \u00een perioada sarcinii<\/p>\n","protected":false},"featured_media":57299,"template":"","meta":[],"product_brand":[],"product_cat":[110],"product_tag":[174],"class_list":["post-57291","product","type-product","status-publish","has-post-thumbnail","product_cat-tratamente-faciale","product_tag-tratamente-faciale","first","instock","shipping-taxable","purchasable","product-type-simple"],"yoast_head":"<!-- This site is optimized with the Yoast SEO plugin v27.5 - https:\/\/yoast.com\/product\/yoast-seo-wordpress\/ -->\n<title>Tratament facial Gravidute - DermEpil Universitate Sector 2 Bucuresti<\/title>\n<meta name=\"robots\" content=\"index, follow, max-snippet:-1, max-image-preview:large, max-video-preview:-1\" \/>\n<link rel=\"canonical\" href=\"https:\/\/dermepil.ro\/universitate\/p\/tratament-facial-gravidute\/\" \/>\n<meta property=\"og:locale\" content=\"ro_RO\" \/>\n<meta property=\"og:type\" content=\"article\" \/>\n<meta property=\"og:title\" content=\"Tratament facial Gravidute - DermEpil Universitate Sector 2 Bucuresti\" \/>\n<meta property=\"og:description\" content=\"Programare online non-stop \u00een formularul de mai jos sau la num\u0103rul de telefon 0766 889 232 de luni p\u00e2n\u0103 vineri, \u00een intervalul 9:00-20:00 \u0219i s\u00e2mb\u0103ta \u00een intervalul 8:00-18:30. Tratamentul este dedicat \u00eengrijirii pielii \u00een perioada sarcinii, utiliz\u00e2nd produse non-toxice \u0219i formule sigure, adaptate pielii sensibile. Cur\u0103\u021b\u0103 delicat, hidrateaz\u0103 \u0219i calmeaz\u0103, f\u0103r\u0103 a utiliza ingrediente agresive sau proceduri invazive. Include cur\u0103\u021bare bl\u00e2nd\u0103, exfoliere delicat\u0103 (unde este necesar), masc\u0103 calmant\u0103 \u0219i hidratare intens\u0103 pentru men\u021binerea echilibrului pielii. \ud83d\udd52 Durata: aproximativ 60 minute\ud83c\udfaf Ideal pentru: ten sensibil sau reactiv \u00een perioada sarcinii\" \/>\n<meta property=\"og:url\" content=\"https:\/\/dermepil.ro\/universitate\/p\/tratament-facial-gravidute\/\" \/>\n<meta property=\"og:site_name\" content=\"DermEpil Universitate Sector 2 Bucuresti\" \/>\n<meta property=\"article:modified_time\" content=\"2026-03-02T13:39:24+00:00\" \/>\n<meta property=\"og:image\" content=\"https:\/\/dermepil.ro\/universitate\/wp-content\/uploads\/2026\/03\/WhatsApp-Image-2026-03-02-at-15.33.22-4.jpeg\" \/>\n\t<meta property=\"og:image:width\" content=\"2048\" \/>\n\t<meta property=\"og:image:height\" content=\"2048\" \/>\n\t<meta property=\"og:image:type\" content=\"image\/jpeg\" \/>\n<meta name=\"twitter:card\" content=\"summary_large_image\" \/>\n<meta name=\"twitter:label1\" content=\"Timp estimat pentru citire\" \/>\n\t<meta name=\"twitter:data1\" content=\"1 minut\" \/>\n<script type=\"application\/ld+json\" class=\"yoast-schema-graph\">{\"@context\":\"https:\\\/\\\/schema.org\",\"@graph\":[{\"@type\":\"WebPage\",\"@id\":\"https:\\\/\\\/dermepil.ro\\\/universitate\\\/p\\\/tratament-facial-gravidute\\\/\",\"url\":\"https:\\\/\\\/dermepil.ro\\\/universitate\\\/p\\\/tratament-facial-gravidute\\\/\",\"name\":\"Tratament facial Gravidute - DermEpil Universitate Sector 2 Bucuresti\",\"isPartOf\":{\"@id\":\"https:\\\/\\\/dermepil.ro\\\/universitate\\\/#website\"},\"primaryImageOfPage\":{\"@id\":\"https:\\\/\\\/dermepil.ro\\\/universitate\\\/p\\\/tratament-facial-gravidute\\\/#primaryimage\"},\"image\":{\"@id\":\"https:\\\/\\\/dermepil.ro\\\/universitate\\\/p\\\/tratament-facial-gravidute\\\/#primaryimage\"},\"thumbnailUrl\":\"https:\\\/\\\/dermepil.ro\\\/universitate\\\/wp-content\\\/uploads\\\/2026\\\/03\\\/WhatsApp-Image-2026-03-02-at-15.33.22-4.jpeg\",\"datePublished\":\"2026-03-02T13:09:35+00:00\",\"dateModified\":\"2026-03-02T13:39:24+00:00\",\"breadcrumb\":{\"@id\":\"https:\\\/\\\/dermepil.ro\\\/universitate\\\/p\\\/tratament-facial-gravidute\\\/#breadcrumb\"},\"inLanguage\":\"ro-RO\",\"potentialAction\":[{\"@type\":\"ReadAction\",\"target\":[\"https:\\\/\\\/dermepil.ro\\\/universitate\\\/p\\\/tratament-facial-gravidute\\\/\"]}]},{\"@type\":\"ImageObject\",\"inLanguage\":\"ro-RO\",\"@id\":\"https:\\\/\\\/dermepil.ro\\\/universitate\\\/p\\\/tratament-facial-gravidute\\\/#primaryimage\",\"url\":\"https:\\\/\\\/dermepil.ro\\\/universitate\\\/wp-content\\\/uploads\\\/2026\\\/03\\\/WhatsApp-Image-2026-03-02-at-15.33.22-4.jpeg\",\"contentUrl\":\"https:\\\/\\\/dermepil.ro\\\/universitate\\\/wp-content\\\/uploads\\\/2026\\\/03\\\/WhatsApp-Image-2026-03-02-at-15.33.22-4.jpeg\",\"width\":2048,\"height\":2048},{\"@type\":\"BreadcrumbList\",\"@id\":\"https:\\\/\\\/dermepil.ro\\\/universitate\\\/p\\\/tratament-facial-gravidute\\\/#breadcrumb\",\"itemListElement\":[{\"@type\":\"ListItem\",\"position\":1,\"name\":\"DermEpil Herastrau - Epilare Definitiva\",\"item\":\"https:\\\/\\\/dermepil.ro\\\/universitate\\\/\"},{\"@type\":\"ListItem\",\"position\":2,\"name\":\"Magazin\",\"item\":\"https:\\\/\\\/dermepil.ro\\\/universitate\\\/magazin\\\/\"},{\"@type\":\"ListItem\",\"position\":3,\"name\":\"Tratamente faciale\",\"item\":\"https:\\\/\\\/dermepil.ro\\\/universitate\\\/tag\\\/tratamente-faciale\\\/\"},{\"@type\":\"ListItem\",\"position\":4,\"name\":\"Tratament facial Gravidute\"}]},{\"@type\":\"WebSite\",\"@id\":\"https:\\\/\\\/dermepil.ro\\\/universitate\\\/#website\",\"url\":\"https:\\\/\\\/dermepil.ro\\\/universitate\\\/\",\"name\":\"DermEpil Universitate Sector 2 Bucuresti\",\"description\":\"Servcii de epilare definitiva laser\",\"publisher\":{\"@id\":\"https:\\\/\\\/dermepil.ro\\\/universitate\\\/#organization\"},\"potentialAction\":[{\"@type\":\"SearchAction\",\"target\":{\"@type\":\"EntryPoint\",\"urlTemplate\":\"https:\\\/\\\/dermepil.ro\\\/universitate\\\/?s={search_term_string}\"},\"query-input\":{\"@type\":\"PropertyValueSpecification\",\"valueRequired\":true,\"valueName\":\"search_term_string\"}}],\"inLanguage\":\"ro-RO\"},{\"@type\":\"Organization\",\"@id\":\"https:\\\/\\\/dermepil.ro\\\/universitate\\\/#organization\",\"name\":\"DermEpil Herastrau - Epilare Definitiva in Bucuresti Sector 1\",\"url\":\"https:\\\/\\\/dermepil.ro\\\/universitate\\\/\",\"logo\":{\"@type\":\"ImageObject\",\"inLanguage\":\"ro-RO\",\"@id\":\"https:\\\/\\\/dermepil.ro\\\/universitate\\\/#\\\/schema\\\/logo\\\/image\\\/\",\"url\":\"https:\\\/\\\/dermepil.ro\\\/universitate\\\/wp-content\\\/uploads\\\/2022\\\/08\\\/Herastrau-1536x863-1.png\",\"contentUrl\":\"https:\\\/\\\/dermepil.ro\\\/universitate\\\/wp-content\\\/uploads\\\/2022\\\/08\\\/Herastrau-1536x863-1.png\",\"width\":1536,\"height\":863,\"caption\":\"DermEpil Herastrau - Epilare Definitiva in Bucuresti Sector 1\"},\"image\":{\"@id\":\"https:\\\/\\\/dermepil.ro\\\/universitate\\\/#\\\/schema\\\/logo\\\/image\\\/\"}}]}<\/script>\n<!-- \/ Yoast SEO plugin. -->","yoast_head_json":{"title":"Tratament facial Gravidute - DermEpil Universitate Sector 2 Bucuresti","robots":{"index":"index","follow":"follow","max-snippet":"max-snippet:-1","max-image-preview":"max-image-preview:large","max-video-preview":"max-video-preview:-1"},"canonical":"https:\/\/dermepil.ro\/universitate\/p\/tratament-facial-gravidute\/","og_locale":"ro_RO","og_type":"article","og_title":"Tratament facial Gravidute - DermEpil Universitate Sector 2 Bucuresti","og_description":"Programare online non-stop \u00een formularul de mai jos sau la num\u0103rul de telefon 0766 889 232 de luni p\u00e2n\u0103 vineri, \u00een intervalul 9:00-20:00 \u0219i s\u00e2mb\u0103ta \u00een intervalul 8:00-18:30. Tratamentul este dedicat \u00eengrijirii pielii \u00een perioada sarcinii, utiliz\u00e2nd produse non-toxice \u0219i formule sigure, adaptate pielii sensibile. Cur\u0103\u021b\u0103 delicat, hidrateaz\u0103 \u0219i calmeaz\u0103, f\u0103r\u0103 a utiliza ingrediente agresive sau proceduri invazive. Include cur\u0103\u021bare bl\u00e2nd\u0103, exfoliere delicat\u0103 (unde este necesar), masc\u0103 calmant\u0103 \u0219i hidratare intens\u0103 pentru men\u021binerea echilibrului pielii. \ud83d\udd52 Durata: aproximativ 60 minute\ud83c\udfaf Ideal pentru: ten sensibil sau reactiv \u00een perioada sarcinii","og_url":"https:\/\/dermepil.ro\/universitate\/p\/tratament-facial-gravidute\/","og_site_name":"DermEpil Universitate Sector 2 Bucuresti","article_modified_time":"2026-03-02T13:39:24+00:00","og_image":[{"width":2048,"height":2048,"url":"https:\/\/dermepil.ro\/universitate\/wp-content\/uploads\/2026\/03\/WhatsApp-Image-2026-03-02-at-15.33.22-4.jpeg","type":"image\/jpeg"}],"twitter_card":"summary_large_image","twitter_misc":{"Timp estimat pentru citire":"1 minut"},"schema":{"@context":"https:\/\/schema.org","@graph":[{"@type":"WebPage","@id":"https:\/\/dermepil.ro\/universitate\/p\/tratament-facial-gravidute\/","url":"https:\/\/dermepil.ro\/universitate\/p\/tratament-facial-gravidute\/","name":"Tratament facial Gravidute - DermEpil Universitate Sector 2 Bucuresti","isPartOf":{"@id":"https:\/\/dermepil.ro\/universitate\/#website"},"primaryImageOfPage":{"@id":"https:\/\/dermepil.ro\/universitate\/p\/tratament-facial-gravidute\/#primaryimage"},"image":{"@id":"https:\/\/dermepil.ro\/universitate\/p\/tratament-facial-gravidute\/#primaryimage"},"thumbnailUrl":"https:\/\/dermepil.ro\/universitate\/wp-content\/uploads\/2026\/03\/WhatsApp-Image-2026-03-02-at-15.33.22-4.jpeg","datePublished":"2026-03-02T13:09:35+00:00","dateModified":"2026-03-02T13:39:24+00:00","breadcrumb":{"@id":"https:\/\/dermepil.ro\/universitate\/p\/tratament-facial-gravidute\/#breadcrumb"},"inLanguage":"ro-RO","potentialAction":[{"@type":"ReadAction","target":["https:\/\/dermepil.ro\/universitate\/p\/tratament-facial-gravidute\/"]}]},{"@type":"ImageObject","inLanguage":"ro-RO","@id":"https:\/\/dermepil.ro\/universitate\/p\/tratament-facial-gravidute\/#primaryimage","url":"https:\/\/dermepil.ro\/universitate\/wp-content\/uploads\/2026\/03\/WhatsApp-Image-2026-03-02-at-15.33.22-4.jpeg","contentUrl":"https:\/\/dermepil.ro\/universitate\/wp-content\/uploads\/2026\/03\/WhatsApp-Image-2026-03-02-at-15.33.22-4.jpeg","width":2048,"height":2048},{"@type":"BreadcrumbList","@id":"https:\/\/dermepil.ro\/universitate\/p\/tratament-facial-gravidute\/#breadcrumb","itemListElement":[{"@type":"ListItem","position":1,"name":"DermEpil Herastrau - Epilare Definitiva","item":"https:\/\/dermepil.ro\/universitate\/"},{"@type":"ListItem","position":2,"name":"Magazin","item":"https:\/\/dermepil.ro\/universitate\/magazin\/"},{"@type":"ListItem","position":3,"name":"Tratamente faciale","item":"https:\/\/dermepil.ro\/universitate\/tag\/tratamente-faciale\/"},{"@type":"ListItem","position":4,"name":"Tratament facial Gravidute"}]},{"@type":"WebSite","@id":"https:\/\/dermepil.ro\/universitate\/#website","url":"https:\/\/dermepil.ro\/universitate\/","name":"DermEpil Universitate Sector 2 Bucuresti","description":"Servcii de epilare definitiva laser","publisher":{"@id":"https:\/\/dermepil.ro\/universitate\/#organization"},"potentialAction":[{"@type":"SearchAction","target":{"@type":"EntryPoint","urlTemplate":"https:\/\/dermepil.ro\/universitate\/?s={search_term_string}"},"query-input":{"@type":"PropertyValueSpecification","valueRequired":true,"valueName":"search_term_string"}}],"inLanguage":"ro-RO"},{"@type":"Organization","@id":"https:\/\/dermepil.ro\/universitate\/#organization","name":"DermEpil Herastrau - Epilare Definitiva in Bucuresti Sector 1","url":"https:\/\/dermepil.ro\/universitate\/","logo":{"@type":"ImageObject","inLanguage":"ro-RO","@id":"https:\/\/dermepil.ro\/universitate\/#\/schema\/logo\/image\/","url":"https:\/\/dermepil.ro\/universitate\/wp-content\/uploads\/2022\/08\/Herastrau-1536x863-1.png","contentUrl":"https:\/\/dermepil.ro\/universitate\/wp-content\/uploads\/2022\/08\/Herastrau-1536x863-1.png","width":1536,"height":863,"caption":"DermEpil Herastrau - Epilare Definitiva in Bucuresti Sector 1"},"image":{"@id":"https:\/\/dermepil.ro\/universitate\/#\/schema\/logo\/image\/"}}]}},"_links":{"self":[{"href":"https:\/\/dermepil.ro\/universitate\/wp-json\/wp\/v2\/product\/57291","targetHints":{"allow":["GET"]}}],"collection":[{"href":"https:\/\/dermepil.ro\/universitate\/wp-json\/wp\/v2\/product"}],"about":[{"href":"https:\/\/dermepil.ro\/universitate\/wp-json\/wp\/v2\/types\/product"}],"wp:featuredmedia":[{"embeddable":true,"href":"https:\/\/dermepil.ro\/universitate\/wp-json\/wp\/v2\/media\/57299"}],"wp:attachment":[{"href":"https:\/\/dermepil.ro\/universitate\/wp-json\/wp\/v2\/media?parent=57291"}],"wp:term":[{"taxonomy":"product_brand","embeddable":true,"href":"https:\/\/dermepil.ro\/universitate\/wp-json\/wp\/v2\/product_brand?post=57291"},{"taxonomy":"product_cat","embeddable":true,"href":"https:\/\/dermepil.ro\/universitate\/wp-json\/wp\/v2\/product_cat?post=57291"},{"taxonomy":"product_tag","embeddable":true,"href":"https:\/\/dermepil.ro\/universitate\/wp-json\/wp\/v2\/product_tag?post=57291"}],"curies":[{"name":"wp","href":"https:\/\/api.w.org\/{rel}","templated":true}]}}