{"id":64913,"date":"2026-05-27T16:36:21","date_gmt":"2026-05-27T13:36:21","guid":{"rendered":"https:\/\/dermepil.ro\/herastrau\/?post_type=product&#038;p=64913"},"modified":"2026-06-30T16:35:00","modified_gmt":"2026-06-30T13:35:00","slug":"tratament-pentru-ten-sensibil","status":"publish","type":"product","link":"https:\/\/dermepil.ro\/herastrau\/p\/tratament-pentru-ten-sensibil\/","title":{"rendered":"Tratament pentru ten sensibil"},"content":{"rendered":"<p data-start=\"43\" data-end=\"313\"><span style=\"color: #000000;\">Tratamentul este dedicat pielii reactive, fragile \u0219i cu tendin\u021b\u0103 de ro\u0219ea\u021b\u0103, av\u00e2nd rol calmant, reparator \u0219i de protec\u021bie a barierei cutanate. Este conceput pentru a reduce disconfortul, senza\u021bia de arsur\u0103 sau piele care \u201e\u021bine\u201d \u0219i pentru a uniformiza aspectul tenului.<\/span><\/p>\n<p data-start=\"315\" data-end=\"591\"><span style=\"color: #000000;\">Include cur\u0103\u021bare delicat\u0103 f\u0103r\u0103 agen\u021bi iritan\u021bi, exfoliere bl\u00e2nd\u0103 (doar dac\u0103 este necesar), aplicarea de produse antiinflamatoare \u0219i seruri calmante, bogate \u00een ingrediente reparatoare. Protocolul este adaptat pentru a \u00eent\u0103ri bariera pielii \u0219i a reduce sensibilitatea \u00een timp.<\/span><\/p>\n<p data-start=\"593\" data-end=\"760\"><span style=\"color: #000000;\">Prin stimularea circula\u021biei superficiale \u0219i hidratarea profund\u0103, tratamentul contribuie la diminuarea ro\u0219e\u021bii \u0219i la cre\u0219terea rezisten\u021bei pielii la factorii externi.<\/span><\/p>\n<p data-start=\"762\" data-end=\"870\" data-is-last-node=\"\" data-is-only-node=\"\"><span style=\"color: #000000;\">Tenul devine mai uniform, mai echilibrat, mai confortabil \u0219i vizibil mai luminos \u00eenc\u0103 de la primele \u0219edin\u021be.<\/span><\/p>\n","protected":false},"excerpt":{"rendered":"<p><span style=\"color: #000000;\"><strong>Programare online non-stop \u00een formularul de mai jos sau la num\u0103rul de telefon 0721 910 757 de luni p\u00e2n\u0103 vineri, \u00een intervalul 9:00-20:00 \u0219i s\u00e2mb\u0103ta \u00een intervalul 8:00-18:30.<\/strong><\/span><\/p>\n<p data-start=\"136\" data-end=\"347\"><span style=\"color: #000000;\">Tratamentul este dedicat \u00eengrijirii tenului sensibil (cuperotic) conceput pentru a calma ro\u0219ea\u021ba, hidrata pielea \u0219i refacerea barierei cutanate, oferind un aspect uniform \u0219i luminos \u00eenc\u0103 de la prima \u0219edin\u021b\u0103.<\/span><\/p>\n<p data-start=\"349\" data-end=\"643\"><span style=\"color: #000000;\">Se folosesc produse profesionale de la\u00a0<strong data-start=\"388\" data-end=\"403\">Dermalogica<\/strong>, un brand de \u00eengrijire profesional\u0103 recunoscut la nivel global pentru formulele bl\u00e2nde \u0219i eficace, special create f\u0103r\u0103 parfumuri agresive sau ingrediente iritante, potrivite \u0219i pentru pielea sensibil\u0103.<\/span><\/p>\n<p data-start=\"645\" data-end=\"836\"><span style=\"color: #000000;\">Include cur\u0103\u021bare delicat\u0103, exfoliere u\u0219oar\u0103 adaptat\u0103 tipului de ten, aplicarea de produse calmante \u0219i hidratare profund\u0103 pentru a echilibra secre\u021bia de sebum \u0219i a \u00eembun\u0103t\u0103\u021bi textura pielii.<\/span><\/p>\n<p data-start=\"838\" data-end=\"934\"><span style=\"color: #000000;\"><img decoding=\"async\" class=\"emoji\" role=\"img\" draggable=\"false\" src=\"https:\/\/s.w.org\/images\/core\/emoji\/17.0.2\/svg\/1f552.svg\" alt=\"\ud83d\udd52\" \/>\u00a0<strong data-start=\"841\" data-end=\"852\">Durata:<\/strong>\u00a0aproximativ 60 minute<\/span><br data-start=\"874\" data-end=\"877\" \/><span style=\"color: #000000;\"><img decoding=\"async\" class=\"emoji\" role=\"img\" draggable=\"false\" src=\"https:\/\/s.w.org\/images\/core\/emoji\/17.0.2\/svg\/1f3af.svg\" alt=\"\ud83c\udfaf\" \/>\u00a0<strong data-start=\"880\" data-end=\"897\">Ideal pentru:<\/strong>\u00a0ten sensibil, reactiv sau cuperotic.<\/span><\/p>\n","protected":false},"featured_media":64914,"comment_status":"open","ping_status":"closed","template":"","meta":[],"product_brand":[],"product_cat":[110],"product_tag":[158],"class_list":["post-64913","product","type-product","status-publish","has-post-thumbnail","product_cat-tratamente-faciale","product_tag-tratamente-faciale","first","instock","shipping-taxable","purchasable","product-type-simple"],"yoast_head":"<!-- This site is optimized with the Yoast SEO plugin v27.5 - https:\/\/yoast.com\/product\/yoast-seo-wordpress\/ -->\n<title>Tratament pentru ten sensibil - DermEpil Herastrau Sector 1 Bucuresti<\/title>\n<meta name=\"robots\" content=\"index, follow, max-snippet:-1, max-image-preview:large, max-video-preview:-1\" \/>\n<link rel=\"canonical\" href=\"https:\/\/dermepil.ro\/herastrau\/p\/tratament-pentru-ten-sensibil\/\" \/>\n<meta property=\"og:locale\" content=\"ro_RO\" \/>\n<meta property=\"og:type\" content=\"article\" \/>\n<meta property=\"og:title\" content=\"Tratament pentru ten sensibil - DermEpil Herastrau Sector 1 Bucuresti\" \/>\n<meta property=\"og:description\" content=\"Programare online non-stop \u00een formularul de mai jos sau la num\u0103rul de telefon 0721 910 757 de luni p\u00e2n\u0103 vineri, \u00een intervalul 9:00-20:00 \u0219i s\u00e2mb\u0103ta \u00een intervalul 8:00-18:30. Tratamentul este dedicat \u00eengrijirii tenului sensibil (cuperotic) conceput pentru a calma ro\u0219ea\u021ba, hidrata pielea \u0219i refacerea barierei cutanate, oferind un aspect uniform \u0219i luminos \u00eenc\u0103 de la prima \u0219edin\u021b\u0103. Se folosesc produse profesionale de la\u00a0Dermalogica, un brand de \u00eengrijire profesional\u0103 recunoscut la nivel global pentru formulele bl\u00e2nde \u0219i eficace, special create f\u0103r\u0103 parfumuri agresive sau ingrediente iritante, potrivite \u0219i pentru pielea sensibil\u0103. Include cur\u0103\u021bare delicat\u0103, exfoliere u\u0219oar\u0103 adaptat\u0103 tipului de ten, aplicarea de produse calmante \u0219i hidratare profund\u0103 pentru a echilibra secre\u021bia de sebum \u0219i a \u00eembun\u0103t\u0103\u021bi textura pielii. \u00a0Durata:\u00a0aproximativ 60 minute\u00a0Ideal pentru:\u00a0ten sensibil, reactiv sau cuperotic.\" \/>\n<meta property=\"og:url\" content=\"https:\/\/dermepil.ro\/herastrau\/p\/tratament-pentru-ten-sensibil\/\" \/>\n<meta property=\"og:site_name\" content=\"DermEpil Herastrau Sector 1 Bucuresti\" \/>\n<meta property=\"article:modified_time\" content=\"2026-06-30T13:35:00+00:00\" \/>\n<meta property=\"og:image\" content=\"https:\/\/dermepil.ro\/herastrau\/wp-content\/uploads\/2026\/05\/WhatsApp-Image-2026-03-02-at-15.33.22-3-768x768.jpeg.webp\" \/>\n\t<meta property=\"og:image:width\" content=\"768\" \/>\n\t<meta property=\"og:image:height\" content=\"768\" \/>\n\t<meta property=\"og:image:type\" content=\"image\/webp\" \/>\n<meta name=\"twitter:card\" content=\"summary_large_image\" \/>\n<meta name=\"twitter:label1\" content=\"Timp estimat pentru citire\" \/>\n\t<meta name=\"twitter:data1\" content=\"1 minut\" \/>\n<script type=\"application\/ld+json\" class=\"yoast-schema-graph\">{\"@context\":\"https:\\\/\\\/schema.org\",\"@graph\":[{\"@type\":\"WebPage\",\"@id\":\"https:\\\/\\\/dermepil.ro\\\/herastrau\\\/p\\\/tratament-pentru-ten-sensibil\\\/\",\"url\":\"https:\\\/\\\/dermepil.ro\\\/herastrau\\\/p\\\/tratament-pentru-ten-sensibil\\\/\",\"name\":\"Tratament pentru ten sensibil - DermEpil Herastrau Sector 1 Bucuresti\",\"isPartOf\":{\"@id\":\"https:\\\/\\\/dermepil.ro\\\/herastrau\\\/#website\"},\"primaryImageOfPage\":{\"@id\":\"https:\\\/\\\/dermepil.ro\\\/herastrau\\\/p\\\/tratament-pentru-ten-sensibil\\\/#primaryimage\"},\"image\":{\"@id\":\"https:\\\/\\\/dermepil.ro\\\/herastrau\\\/p\\\/tratament-pentru-ten-sensibil\\\/#primaryimage\"},\"thumbnailUrl\":\"https:\\\/\\\/dermepil.ro\\\/herastrau\\\/wp-content\\\/uploads\\\/2026\\\/05\\\/WhatsApp-Image-2026-03-02-at-15.33.22-3-768x768.jpeg.webp\",\"datePublished\":\"2026-05-27T13:36:21+00:00\",\"dateModified\":\"2026-06-30T13:35:00+00:00\",\"breadcrumb\":{\"@id\":\"https:\\\/\\\/dermepil.ro\\\/herastrau\\\/p\\\/tratament-pentru-ten-sensibil\\\/#breadcrumb\"},\"inLanguage\":\"ro-RO\",\"potentialAction\":[{\"@type\":\"ReadAction\",\"target\":[\"https:\\\/\\\/dermepil.ro\\\/herastrau\\\/p\\\/tratament-pentru-ten-sensibil\\\/\"]}]},{\"@type\":\"ImageObject\",\"inLanguage\":\"ro-RO\",\"@id\":\"https:\\\/\\\/dermepil.ro\\\/herastrau\\\/p\\\/tratament-pentru-ten-sensibil\\\/#primaryimage\",\"url\":\"https:\\\/\\\/dermepil.ro\\\/herastrau\\\/wp-content\\\/uploads\\\/2026\\\/05\\\/WhatsApp-Image-2026-03-02-at-15.33.22-3-768x768.jpeg.webp\",\"contentUrl\":\"https:\\\/\\\/dermepil.ro\\\/herastrau\\\/wp-content\\\/uploads\\\/2026\\\/05\\\/WhatsApp-Image-2026-03-02-at-15.33.22-3-768x768.jpeg.webp\",\"width\":768,\"height\":768},{\"@type\":\"BreadcrumbList\",\"@id\":\"https:\\\/\\\/dermepil.ro\\\/herastrau\\\/p\\\/tratament-pentru-ten-sensibil\\\/#breadcrumb\",\"itemListElement\":[{\"@type\":\"ListItem\",\"position\":1,\"name\":\"DermEpil Herastrau - Epilare Definitiva\",\"item\":\"https:\\\/\\\/dermepil.ro\\\/herastrau\\\/\"},{\"@type\":\"ListItem\",\"position\":2,\"name\":\"Magazin\",\"item\":\"https:\\\/\\\/dermepil.ro\\\/herastrau\\\/magazin\\\/\"},{\"@type\":\"ListItem\",\"position\":3,\"name\":\"Tratamente faciale\",\"item\":\"https:\\\/\\\/dermepil.ro\\\/herastrau\\\/tag\\\/tratamente-faciale\\\/\"},{\"@type\":\"ListItem\",\"position\":4,\"name\":\"Tratament pentru ten sensibil\"}]},{\"@type\":\"WebSite\",\"@id\":\"https:\\\/\\\/dermepil.ro\\\/herastrau\\\/#website\",\"url\":\"https:\\\/\\\/dermepil.ro\\\/herastrau\\\/\",\"name\":\"DermEpil Herastrau Sector 1 Bucuresti\",\"description\":\"Servcii de epilare definitiva SHR\",\"publisher\":{\"@id\":\"https:\\\/\\\/dermepil.ro\\\/herastrau\\\/#organization\"},\"potentialAction\":[{\"@type\":\"SearchAction\",\"target\":{\"@type\":\"EntryPoint\",\"urlTemplate\":\"https:\\\/\\\/dermepil.ro\\\/herastrau\\\/?s={search_term_string}\"},\"query-input\":{\"@type\":\"PropertyValueSpecification\",\"valueRequired\":true,\"valueName\":\"search_term_string\"}}],\"inLanguage\":\"ro-RO\"},{\"@type\":\"Organization\",\"@id\":\"https:\\\/\\\/dermepil.ro\\\/herastrau\\\/#organization\",\"name\":\"DermEpil Herastrau - Epilare Definitiva in Bucuresti Sector 1\",\"url\":\"https:\\\/\\\/dermepil.ro\\\/herastrau\\\/\",\"logo\":{\"@type\":\"ImageObject\",\"inLanguage\":\"ro-RO\",\"@id\":\"https:\\\/\\\/dermepil.ro\\\/herastrau\\\/#\\\/schema\\\/logo\\\/image\\\/\",\"url\":\"https:\\\/\\\/dermepil.ro\\\/herastrau\\\/wp-content\\\/uploads\\\/2022\\\/08\\\/Herastrau-1536x863-1.png\",\"contentUrl\":\"https:\\\/\\\/dermepil.ro\\\/herastrau\\\/wp-content\\\/uploads\\\/2022\\\/08\\\/Herastrau-1536x863-1.png\",\"width\":1536,\"height\":863,\"caption\":\"DermEpil Herastrau - Epilare Definitiva in Bucuresti Sector 1\"},\"image\":{\"@id\":\"https:\\\/\\\/dermepil.ro\\\/herastrau\\\/#\\\/schema\\\/logo\\\/image\\\/\"}}]}<\/script>\n<!-- \/ Yoast SEO plugin. -->","yoast_head_json":{"title":"Tratament pentru ten sensibil - DermEpil Herastrau Sector 1 Bucuresti","robots":{"index":"index","follow":"follow","max-snippet":"max-snippet:-1","max-image-preview":"max-image-preview:large","max-video-preview":"max-video-preview:-1"},"canonical":"https:\/\/dermepil.ro\/herastrau\/p\/tratament-pentru-ten-sensibil\/","og_locale":"ro_RO","og_type":"article","og_title":"Tratament pentru ten sensibil - DermEpil Herastrau Sector 1 Bucuresti","og_description":"Programare online non-stop \u00een formularul de mai jos sau la num\u0103rul de telefon 0721 910 757 de luni p\u00e2n\u0103 vineri, \u00een intervalul 9:00-20:00 \u0219i s\u00e2mb\u0103ta \u00een intervalul 8:00-18:30. Tratamentul este dedicat \u00eengrijirii tenului sensibil (cuperotic) conceput pentru a calma ro\u0219ea\u021ba, hidrata pielea \u0219i refacerea barierei cutanate, oferind un aspect uniform \u0219i luminos \u00eenc\u0103 de la prima \u0219edin\u021b\u0103. Se folosesc produse profesionale de la\u00a0Dermalogica, un brand de \u00eengrijire profesional\u0103 recunoscut la nivel global pentru formulele bl\u00e2nde \u0219i eficace, special create f\u0103r\u0103 parfumuri agresive sau ingrediente iritante, potrivite \u0219i pentru pielea sensibil\u0103. Include cur\u0103\u021bare delicat\u0103, exfoliere u\u0219oar\u0103 adaptat\u0103 tipului de ten, aplicarea de produse calmante \u0219i hidratare profund\u0103 pentru a echilibra secre\u021bia de sebum \u0219i a \u00eembun\u0103t\u0103\u021bi textura pielii. \u00a0Durata:\u00a0aproximativ 60 minute\u00a0Ideal pentru:\u00a0ten sensibil, reactiv sau cuperotic.","og_url":"https:\/\/dermepil.ro\/herastrau\/p\/tratament-pentru-ten-sensibil\/","og_site_name":"DermEpil Herastrau Sector 1 Bucuresti","article_modified_time":"2026-06-30T13:35:00+00:00","og_image":[{"width":768,"height":768,"url":"https:\/\/dermepil.ro\/herastrau\/wp-content\/uploads\/2026\/05\/WhatsApp-Image-2026-03-02-at-15.33.22-3-768x768.jpeg.webp","type":"image\/webp"}],"twitter_card":"summary_large_image","twitter_misc":{"Timp estimat pentru citire":"1 minut"},"schema":{"@context":"https:\/\/schema.org","@graph":[{"@type":"WebPage","@id":"https:\/\/dermepil.ro\/herastrau\/p\/tratament-pentru-ten-sensibil\/","url":"https:\/\/dermepil.ro\/herastrau\/p\/tratament-pentru-ten-sensibil\/","name":"Tratament pentru ten sensibil - DermEpil Herastrau Sector 1 Bucuresti","isPartOf":{"@id":"https:\/\/dermepil.ro\/herastrau\/#website"},"primaryImageOfPage":{"@id":"https:\/\/dermepil.ro\/herastrau\/p\/tratament-pentru-ten-sensibil\/#primaryimage"},"image":{"@id":"https:\/\/dermepil.ro\/herastrau\/p\/tratament-pentru-ten-sensibil\/#primaryimage"},"thumbnailUrl":"https:\/\/dermepil.ro\/herastrau\/wp-content\/uploads\/2026\/05\/WhatsApp-Image-2026-03-02-at-15.33.22-3-768x768.jpeg.webp","datePublished":"2026-05-27T13:36:21+00:00","dateModified":"2026-06-30T13:35:00+00:00","breadcrumb":{"@id":"https:\/\/dermepil.ro\/herastrau\/p\/tratament-pentru-ten-sensibil\/#breadcrumb"},"inLanguage":"ro-RO","potentialAction":[{"@type":"ReadAction","target":["https:\/\/dermepil.ro\/herastrau\/p\/tratament-pentru-ten-sensibil\/"]}]},{"@type":"ImageObject","inLanguage":"ro-RO","@id":"https:\/\/dermepil.ro\/herastrau\/p\/tratament-pentru-ten-sensibil\/#primaryimage","url":"https:\/\/dermepil.ro\/herastrau\/wp-content\/uploads\/2026\/05\/WhatsApp-Image-2026-03-02-at-15.33.22-3-768x768.jpeg.webp","contentUrl":"https:\/\/dermepil.ro\/herastrau\/wp-content\/uploads\/2026\/05\/WhatsApp-Image-2026-03-02-at-15.33.22-3-768x768.jpeg.webp","width":768,"height":768},{"@type":"BreadcrumbList","@id":"https:\/\/dermepil.ro\/herastrau\/p\/tratament-pentru-ten-sensibil\/#breadcrumb","itemListElement":[{"@type":"ListItem","position":1,"name":"DermEpil Herastrau - Epilare Definitiva","item":"https:\/\/dermepil.ro\/herastrau\/"},{"@type":"ListItem","position":2,"name":"Magazin","item":"https:\/\/dermepil.ro\/herastrau\/magazin\/"},{"@type":"ListItem","position":3,"name":"Tratamente faciale","item":"https:\/\/dermepil.ro\/herastrau\/tag\/tratamente-faciale\/"},{"@type":"ListItem","position":4,"name":"Tratament pentru ten sensibil"}]},{"@type":"WebSite","@id":"https:\/\/dermepil.ro\/herastrau\/#website","url":"https:\/\/dermepil.ro\/herastrau\/","name":"DermEpil Herastrau Sector 1 Bucuresti","description":"Servcii de epilare definitiva SHR","publisher":{"@id":"https:\/\/dermepil.ro\/herastrau\/#organization"},"potentialAction":[{"@type":"SearchAction","target":{"@type":"EntryPoint","urlTemplate":"https:\/\/dermepil.ro\/herastrau\/?s={search_term_string}"},"query-input":{"@type":"PropertyValueSpecification","valueRequired":true,"valueName":"search_term_string"}}],"inLanguage":"ro-RO"},{"@type":"Organization","@id":"https:\/\/dermepil.ro\/herastrau\/#organization","name":"DermEpil Herastrau - Epilare Definitiva in Bucuresti Sector 1","url":"https:\/\/dermepil.ro\/herastrau\/","logo":{"@type":"ImageObject","inLanguage":"ro-RO","@id":"https:\/\/dermepil.ro\/herastrau\/#\/schema\/logo\/image\/","url":"https:\/\/dermepil.ro\/herastrau\/wp-content\/uploads\/2022\/08\/Herastrau-1536x863-1.png","contentUrl":"https:\/\/dermepil.ro\/herastrau\/wp-content\/uploads\/2022\/08\/Herastrau-1536x863-1.png","width":1536,"height":863,"caption":"DermEpil Herastrau - Epilare Definitiva in Bucuresti Sector 1"},"image":{"@id":"https:\/\/dermepil.ro\/herastrau\/#\/schema\/logo\/image\/"}}]}},"_links":{"self":[{"href":"https:\/\/dermepil.ro\/herastrau\/wp-json\/wp\/v2\/product\/64913","targetHints":{"allow":["GET"]}}],"collection":[{"href":"https:\/\/dermepil.ro\/herastrau\/wp-json\/wp\/v2\/product"}],"about":[{"href":"https:\/\/dermepil.ro\/herastrau\/wp-json\/wp\/v2\/types\/product"}],"replies":[{"embeddable":true,"href":"https:\/\/dermepil.ro\/herastrau\/wp-json\/wp\/v2\/comments?post=64913"}],"wp:featuredmedia":[{"embeddable":true,"href":"https:\/\/dermepil.ro\/herastrau\/wp-json\/wp\/v2\/media\/64914"}],"wp:attachment":[{"href":"https:\/\/dermepil.ro\/herastrau\/wp-json\/wp\/v2\/media?parent=64913"}],"wp:term":[{"taxonomy":"product_brand","embeddable":true,"href":"https:\/\/dermepil.ro\/herastrau\/wp-json\/wp\/v2\/product_brand?post=64913"},{"taxonomy":"product_cat","embeddable":true,"href":"https:\/\/dermepil.ro\/herastrau\/wp-json\/wp\/v2\/product_cat?post=64913"},{"taxonomy":"product_tag","embeddable":true,"href":"https:\/\/dermepil.ro\/herastrau\/wp-json\/wp\/v2\/product_tag?post=64913"}],"curies":[{"name":"wp","href":"https:\/\/api.w.org\/{rel}","templated":true}]}}