{"version":"1.0","provider_name":"Epilare definitiva laser Brasov","provider_url":"https:\/\/dermepil.ro\/brasov","author_name":"SuperRadu","author_url":"https:\/\/dermepil.ro\/brasov\/author\/superradu\/","title":"Abonament Pensat + Form\u0103 - Epilare definitiva laser Brasov","type":"rich","width":600,"height":338,"html":"<blockquote class=\"wp-embedded-content\" data-secret=\"Yf2IqZ2GjI\"><a href=\"https:\/\/dermepil.ro\/brasov\/p\/abonament-black-friday-3-sedinte-pensat-forma\/\">Abonament Pensat + Form\u0103<\/a><\/blockquote><iframe sandbox=\"allow-scripts\" security=\"restricted\" src=\"https:\/\/dermepil.ro\/brasov\/p\/abonament-black-friday-3-sedinte-pensat-forma\/embed\/#?secret=Yf2IqZ2GjI\" width=\"600\" height=\"338\" title=\"&#8222;Abonament Pensat + Form\u0103&#8221; &#8211; Epilare definitiva laser Brasov\" data-secret=\"Yf2IqZ2GjI\" frameborder=\"0\" marginwidth=\"0\" marginheight=\"0\" scrolling=\"no\" class=\"wp-embedded-content\"><\/iframe><script>\n\/*! This file is auto-generated *\/\n!function(d,l){\"use strict\";l.querySelector&&d.addEventListener&&\"undefined\"!=typeof URL&&(d.wp=d.wp||{},d.wp.receiveEmbedMessage||(d.wp.receiveEmbedMessage=function(e){var t=e.data;if((t||t.secret||t.message||t.value)&&!\/[^a-zA-Z0-9]\/.test(t.secret)){for(var s,r,n,a=l.querySelectorAll('iframe[data-secret=\"'+t.secret+'\"]'),o=l.querySelectorAll('blockquote[data-secret=\"'+t.secret+'\"]'),c=new RegExp(\"^https?:$\",\"i\"),i=0;i<o.length;i++)o[i].style.display=\"none\";for(i=0;i<a.length;i++)s=a[i],e.source===s.contentWindow&&(s.removeAttribute(\"style\"),\"height\"===t.message?(1e3<(r=parseInt(t.value,10))?r=1e3:~~r<200&&(r=200),s.height=r):\"link\"===t.message&&(r=new URL(s.getAttribute(\"src\")),n=new URL(t.value),c.test(n.protocol))&&n.host===r.host&&l.activeElement===s&&(d.top.location.href=t.value))}},d.addEventListener(\"message\",d.wp.receiveEmbedMessage,!1),l.addEventListener(\"DOMContentLoaded\",function(){for(var e,t,s=l.querySelectorAll(\"iframe.wp-embedded-content\"),r=0;r<s.length;r++)(t=(e=s[r]).getAttribute(\"data-secret\"))||(t=Math.random().toString(36).substring(2,12),e.src+=\"#?secret=\"+t,e.setAttribute(\"data-secret\",t)),e.contentWindow.postMessage({message:\"ready\",secret:t},\"*\")},!1)))}(window,document);\n\/\/# sourceURL=https:\/\/dermepil.ro\/brasov\/wp-includes\/js\/wp-embed.min.js\n<\/script>\n","thumbnail_url":"https:\/\/dermepil.ro\/brasov\/wp-content\/uploads\/2025\/10\/WhatsApp-Image-2026-02-21-at-10.59.02-scaled.jpeg","thumbnail_width":2560,"thumbnail_height":2560,"description":"Programare online non-stop in formularul de mai jos sau telefonic la numarul : 0770 773 673 \u00een intervalul luni-vineri 09:00-20:00 \u0219i s\u00e2mb\u0103t\u0103 08:00-18:30.  \ud83c\udf3f PENSAT + DEFINIREA FORMEI SPR\u00c2NCENELOR  Ob\u021bine spr\u00e2ncene perfect conturate, adaptate tr\u0103s\u0103turilor tale \u0219i formei fe\u021bei!  \ud83d\udd38 Design personalizat pentru un aspect natural \ud83d\udd38 Corec\u021bie delicat\u0103, f\u0103r\u0103 durere \ud83d\udd38 Efect imediat \u0219i durabil    Abonament 3 \u0218EDIN\u021aE 150 RON   Pret \u015fedin\u021b\u01ce abonament 50 RON   Pret \u015fedin\u021b\u01ce individual\u01ce 79 RON"}